{"id":24172,"date":"2025-12-05T14:08:02","date_gmt":"2025-12-05T14:08:02","guid":{"rendered":"https:\/\/bh.estate\/?post_type=estate_property&#038;p=24172"},"modified":"2025-12-05T14:16:53","modified_gmt":"2025-12-05T14:16:53","slug":"obra-nueva-aq-urban-fira","status":"publish","type":"estate_property","link":"https:\/\/bh.estate\/es\/index.php\/properties\/obra-nueva-aq-urban-fira\/","title":{"rendered":"Obra nueva  Urban Fira"},"content":{"rendered":"\n<p>Este proyecto ofrece pisos de obra nueva de 1, 2, 3 y 4 dormitorios dise\u00f1ados para proporcionar el m\u00e1ximo confort, funcionalidad y sostenibilidad. Si est\u00e1s buscando una oportunidad \u00fanica de adquirir pisos en La Marina del Prat Vermell, esta es la ocasi\u00f3n ideal para ti.<\/p>\n\n\n\n<p>La entrega de las viviendas est\u00e1 prevista para abril de 2027.<\/p>\n\n\n\n<p>Dise\u00f1o y Sostenibilidad en El Edificio Par\u00eds<br>Cada uno de los pisos ha sido dise\u00f1ado minuciosamente por Binarq Arquitectos, expertos en sostenibilidad e innovaci\u00f3n, quienes han estudiado cada detalle para crear espacios que no solo son modernos, sino que tambi\u00e9n fomentan el bienestar de sus residentes.<\/p>\n\n\n\n<p>El dise\u00f1o incluye amplias zonas comunes y terrazas que maximizan la ventilaci\u00f3n e iluminaci\u00f3n natural, aspectos clave para una vida saludable en la ciudad.<\/p>\n\n\n\n<p>Los pisos de obra nueva en La Marina del Prat Vermell est\u00e1n pensados para familias e inversores que buscan una propiedad que combine comodidad y eficiencia energ\u00e9tica.<\/p>\n\n\n\n<p>Edificio Par\u00eds, Invierte en el futuro<br>Si est\u00e1s buscando una oportunidad de inversi\u00f3n en una de las \u00e1reas en pleno desarrollo m\u00e1s importantes de Barcelona, los pisos la Marina del Prat Vermell son una excelente oportunidad.<\/p>\n\n\n\n<p>El bajo impacto ambiental y los menores costes de mantenimiento hacen que este proyecto sea una opci\u00f3n rentable a largo plazo, con todas las ventajas de un proyecto de obra nueva en La Marina del Prat Vermell.<br>Adem\u00e1s, El Edificio Par\u00eds cuenta con la certificaci\u00f3n BREEAM y una calificaci\u00f3n energ\u00e9tica AA, asegurando una inversi\u00f3n inteligente y respetuosa con el medio ambiente.<\/p>\n\n\n\n<p>Zonas comunes para el disfrute de toda la familia<br>En  Urban Fira Edificio Par\u00eds, disfrutar\u00e1s de zonas comunes que incluyen piscinas para adultos e infantiles, as\u00ed como \u00e1reas ajardinadas y una zona para los m\u00e1s peque\u00f1os. Este es el lugar perfecto para las familias que buscan tranquilidad y seguridad, adem\u00e1s de un espacio en el que disfrutar de crear nuevos recuerdos.<\/p>\n\n\n\n<p>Las viviendas en La Marina del Prat Vermell se distinguen por su sistema de climatizaci\u00f3n eficiente, lo que garantiza un entorno saludable y un ahorro significativo en el consumo energ\u00e9tico. Adem\u00e1s, los acabados de calidad y el uso de pinturas ecol\u00f3gicas garantizan el cuidado de tu familia y del medio ambiente.<\/p>\n\n\n\n<p>Con una ubicaci\u00f3n privilegiada y un dise\u00f1o orientado a mejorar la calidad de vida, AQ Urban Fira Edificio Par\u00eds es m\u00e1s que un simple proyecto de viviendas. Es un espacio en el que se fusionan el dise\u00f1o contempor\u00e1neo, la sostenibilidad y la calidad de vida, creando una nueva manera de entender el hogar en Barcelona.<\/p>\n\n\n\n<figure class=\"wp-block-table\"><table class=\"has-fixed-layout\"><tbody><tr><td class=\"has-text-align-left\" data-align=\"left\">Precio<\/td><td class=\"has-text-align-left\" data-align=\"left\">Dormitorios<\/td><td class=\"has-text-align-left\" data-align=\"left\">Tama\u00f1o<\/td><td class=\"has-text-align-left\" data-align=\"left\">Planta<\/td><td><\/td><td>Terraza<\/td><\/tr><tr><td class=\"has-text-align-left\" data-align=\"left\">360.000<\/td><td class=\"has-text-align-left\" data-align=\"left\">2<\/td><td class=\"has-text-align-left\" data-align=\"left\">81,00<\/td><td class=\"has-text-align-left\" data-align=\"left\">Planta 3<\/td><td><\/td><td>Terraza<\/td><\/tr><tr><td class=\"has-text-align-left\" data-align=\"left\">427.000<\/td><td class=\"has-text-align-left\" data-align=\"left\">3<\/td><td class=\"has-text-align-left\" data-align=\"left\">94,00<\/td><td class=\"has-text-align-left\" data-align=\"left\">Planta 3<\/td><td>Plaza de garaje incluida en el precio<\/td><td>Terraza<\/td><\/tr><tr><td class=\"has-text-align-left\" data-align=\"left\">446.000<\/td><td class=\"has-text-align-left\" data-align=\"left\">3<\/td><td class=\"has-text-align-left\" data-align=\"left\">99,00<\/td><td class=\"has-text-align-left\" data-align=\"left\">Planta 2<\/td><td>Plaza de garaje incluida en el precio<\/td><td>Terraza<\/td><\/tr><tr><td class=\"has-text-align-left\" data-align=\"left\">454.000<\/td><td class=\"has-text-align-left\" data-align=\"left\">3<\/td><td class=\"has-text-align-left\" data-align=\"left\">105,00<\/td><td class=\"has-text-align-left\" data-align=\"left\">Planta 1<\/td><td>Plaza de garaje incluida en el precio<\/td><td>Terraza<\/td><\/tr><tr><td class=\"has-text-align-left\" data-align=\"left\">472.000<\/td><td class=\"has-text-align-left\" data-align=\"left\">3<\/td><td class=\"has-text-align-left\" data-align=\"left\">111,00<\/td><td class=\"has-text-align-left\" data-align=\"left\">Planta 2<\/td><td>Plaza de garaje incluida en el precio<\/td><td>Terraza<\/td><\/tr><\/tbody><\/table><\/figure>\n","protected":false},"excerpt":{"rendered":"<p>Este proyecto ofrece pisos de obra nueva de 1, 2, 3 y 4 dormitorios dise\u00f1ados para proporcionar el m\u00e1ximo confort, funcionalidad y sostenibilidad. Si est\u00e1s buscando una oportunidad \u00fanica de adquirir pisos en La Marina del Prat Vermell, esta es la ocasi\u00f3n ideal para ti. La entrega de las viviendas est\u00e1 prevista para abril de 2027. Dise\u00f1o y Sostenibilidad en El Edificio Par\u00edsCada uno &#8230;<\/p>\n","protected":false},"featured_media":24197,"comment_status":"open","ping_status":"closed","template":"","property_category":[305,316],"property_action_category":[317],"property_city":[306],"property_area":[400],"property_county_state":[],"property_features":[],"property_status":[],"class_list":["post-24172","estate_property","type-estate_property","status-publish","has-post-thumbnail","hentry","property_category-buy-es","property_category-industrial-es","property_action_category-flat-es","property_city-barcelona-es","property_area-sants-montjuic-es"],"yoast_head":"<!-- This site is optimized with the Yoast SEO plugin v23.9 - https:\/\/yoast.com\/wordpress\/plugins\/seo\/ -->\n<title>Obra nueva Urban Fira - Blue Horizon<\/title>\n<meta name=\"robots\" content=\"index, follow, max-snippet:-1, max-image-preview:large, max-video-preview:-1\" \/>\n<link rel=\"canonical\" href=\"https:\/\/bh.estate\/es\/index.php\/properties\/obra-nueva-aq-urban-fira\/\" \/>\n<meta property=\"og:locale\" content=\"es_ES\" \/>\n<meta property=\"og:type\" content=\"article\" \/>\n<meta property=\"og:title\" content=\"Obra nueva Urban Fira - Blue Horizon\" \/>\n<meta property=\"og:description\" content=\"Este proyecto ofrece pisos de obra nueva de 1, 2, 3 y 4 dormitorios dise\u00f1ados para proporcionar el m\u00e1ximo confort, funcionalidad y sostenibilidad. Si est\u00e1s buscando una oportunidad \u00fanica de adquirir pisos en La Marina del Prat Vermell, esta es la ocasi\u00f3n ideal para ti. La entrega de las viviendas est\u00e1 prevista para abril de 2027. Dise\u00f1o y Sostenibilidad en El Edificio Par\u00edsCada uno ...\" \/>\n<meta property=\"og:url\" content=\"https:\/\/bh.estate\/es\/index.php\/properties\/obra-nueva-aq-urban-fira\/\" \/>\n<meta property=\"og:site_name\" content=\"Blue Horizon\" \/>\n<meta property=\"article:modified_time\" content=\"2025-12-05T14:16:53+00:00\" \/>\n<meta property=\"og:image\" content=\"http:\/\/bh.estate\/wp-content\/uploads\/2025\/12\/1316553812.webp\" \/>\n\t<meta property=\"og:image:width\" content=\"480\" \/>\n\t<meta property=\"og:image:height\" content=\"360\" \/>\n\t<meta property=\"og:image:type\" content=\"image\/webp\" \/>\n<meta name=\"twitter:card\" content=\"summary_large_image\" \/>\n<meta name=\"twitter:label1\" content=\"Tiempo de lectura\" \/>\n\t<meta name=\"twitter:data1\" content=\"3 minutos\" \/>\n<script type=\"application\/ld+json\" class=\"yoast-schema-graph\">{\"@context\":\"https:\/\/schema.org\",\"@graph\":[{\"@type\":\"WebPage\",\"@id\":\"https:\/\/bh.estate\/es\/index.php\/properties\/obra-nueva-aq-urban-fira\/\",\"url\":\"https:\/\/bh.estate\/es\/index.php\/properties\/obra-nueva-aq-urban-fira\/\",\"name\":\"Obra nueva Urban Fira - Blue Horizon\",\"isPartOf\":{\"@id\":\"http:\/\/bh.estate\/es\/#website\"},\"primaryImageOfPage\":{\"@id\":\"https:\/\/bh.estate\/es\/index.php\/properties\/obra-nueva-aq-urban-fira\/#primaryimage\"},\"image\":{\"@id\":\"https:\/\/bh.estate\/es\/index.php\/properties\/obra-nueva-aq-urban-fira\/#primaryimage\"},\"thumbnailUrl\":\"https:\/\/bh.estate\/wp-content\/uploads\/2025\/12\/1316553812.webp\",\"datePublished\":\"2025-12-05T14:08:02+00:00\",\"dateModified\":\"2025-12-05T14:16:53+00:00\",\"breadcrumb\":{\"@id\":\"https:\/\/bh.estate\/es\/index.php\/properties\/obra-nueva-aq-urban-fira\/#breadcrumb\"},\"inLanguage\":\"es\",\"potentialAction\":[{\"@type\":\"ReadAction\",\"target\":[\"https:\/\/bh.estate\/es\/index.php\/properties\/obra-nueva-aq-urban-fira\/\"]}]},{\"@type\":\"ImageObject\",\"inLanguage\":\"es\",\"@id\":\"https:\/\/bh.estate\/es\/index.php\/properties\/obra-nueva-aq-urban-fira\/#primaryimage\",\"url\":\"https:\/\/bh.estate\/wp-content\/uploads\/2025\/12\/1316553812.webp\",\"contentUrl\":\"https:\/\/bh.estate\/wp-content\/uploads\/2025\/12\/1316553812.webp\",\"width\":480,\"height\":360},{\"@type\":\"BreadcrumbList\",\"@id\":\"https:\/\/bh.estate\/es\/index.php\/properties\/obra-nueva-aq-urban-fira\/#breadcrumb\",\"itemListElement\":[{\"@type\":\"ListItem\",\"position\":1,\"name\":\"Home\",\"item\":\"https:\/\/bh.estate\/es\/index.php\/pagina-de-inicio\/\"},{\"@type\":\"ListItem\",\"position\":2,\"name\":\"Propiedades\",\"item\":\"https:\/\/bh.estate\/es\/index.php\/properties\/\"},{\"@type\":\"ListItem\",\"position\":3,\"name\":\"Obra nueva Urban Fira\"}]},{\"@type\":\"WebSite\",\"@id\":\"http:\/\/bh.estate\/es\/#website\",\"url\":\"http:\/\/bh.estate\/es\/\",\"name\":\"Blue Horizon\",\"description\":\"\",\"publisher\":{\"@id\":\"http:\/\/bh.estate\/es\/#organization\"},\"potentialAction\":[{\"@type\":\"SearchAction\",\"target\":{\"@type\":\"EntryPoint\",\"urlTemplate\":\"http:\/\/bh.estate\/es\/?s={search_term_string}\"},\"query-input\":{\"@type\":\"PropertyValueSpecification\",\"valueRequired\":true,\"valueName\":\"search_term_string\"}}],\"inLanguage\":\"es\"},{\"@type\":\"Organization\",\"@id\":\"http:\/\/bh.estate\/es\/#organization\",\"name\":\"Blue Horizon\",\"url\":\"http:\/\/bh.estate\/es\/\",\"logo\":{\"@type\":\"ImageObject\",\"inLanguage\":\"es\",\"@id\":\"http:\/\/bh.estate\/es\/#\/schema\/logo\/image\/\",\"url\":\"https:\/\/bh.estate\/wp-content\/uploads\/2024\/08\/\u0411\u0435\u043b\u044b\u0439-\u043d\u0430-\u043f\u0440\u043e\u0437\u0440\u0430\u0447\u043d\u043e\u043c-\u0444\u043e\u043d\u0435-.png\",\"contentUrl\":\"https:\/\/bh.estate\/wp-content\/uploads\/2024\/08\/\u0411\u0435\u043b\u044b\u0439-\u043d\u0430-\u043f\u0440\u043e\u0437\u0440\u0430\u0447\u043d\u043e\u043c-\u0444\u043e\u043d\u0435-.png\",\"width\":3000,\"height\":1814,\"caption\":\"Blue Horizon\"},\"image\":{\"@id\":\"http:\/\/bh.estate\/es\/#\/schema\/logo\/image\/\"}}]}<\/script>\n<!-- \/ Yoast SEO plugin. -->","yoast_head_json":{"title":"Obra nueva Urban Fira - Blue Horizon","robots":{"index":"index","follow":"follow","max-snippet":"max-snippet:-1","max-image-preview":"max-image-preview:large","max-video-preview":"max-video-preview:-1"},"canonical":"https:\/\/bh.estate\/es\/index.php\/properties\/obra-nueva-aq-urban-fira\/","og_locale":"es_ES","og_type":"article","og_title":"Obra nueva Urban Fira - Blue Horizon","og_description":"Este proyecto ofrece pisos de obra nueva de 1, 2, 3 y 4 dormitorios dise\u00f1ados para proporcionar el m\u00e1ximo confort, funcionalidad y sostenibilidad. Si est\u00e1s buscando una oportunidad \u00fanica de adquirir pisos en La Marina del Prat Vermell, esta es la ocasi\u00f3n ideal para ti. La entrega de las viviendas est\u00e1 prevista para abril de 2027. Dise\u00f1o y Sostenibilidad en El Edificio Par\u00edsCada uno ...","og_url":"https:\/\/bh.estate\/es\/index.php\/properties\/obra-nueva-aq-urban-fira\/","og_site_name":"Blue Horizon","article_modified_time":"2025-12-05T14:16:53+00:00","og_image":[{"width":480,"height":360,"url":"http:\/\/bh.estate\/wp-content\/uploads\/2025\/12\/1316553812.webp","type":"image\/webp"}],"twitter_card":"summary_large_image","twitter_misc":{"Tiempo de lectura":"3 minutos"},"schema":{"@context":"https:\/\/schema.org","@graph":[{"@type":"WebPage","@id":"https:\/\/bh.estate\/es\/index.php\/properties\/obra-nueva-aq-urban-fira\/","url":"https:\/\/bh.estate\/es\/index.php\/properties\/obra-nueva-aq-urban-fira\/","name":"Obra nueva Urban Fira - Blue Horizon","isPartOf":{"@id":"http:\/\/bh.estate\/es\/#website"},"primaryImageOfPage":{"@id":"https:\/\/bh.estate\/es\/index.php\/properties\/obra-nueva-aq-urban-fira\/#primaryimage"},"image":{"@id":"https:\/\/bh.estate\/es\/index.php\/properties\/obra-nueva-aq-urban-fira\/#primaryimage"},"thumbnailUrl":"https:\/\/bh.estate\/wp-content\/uploads\/2025\/12\/1316553812.webp","datePublished":"2025-12-05T14:08:02+00:00","dateModified":"2025-12-05T14:16:53+00:00","breadcrumb":{"@id":"https:\/\/bh.estate\/es\/index.php\/properties\/obra-nueva-aq-urban-fira\/#breadcrumb"},"inLanguage":"es","potentialAction":[{"@type":"ReadAction","target":["https:\/\/bh.estate\/es\/index.php\/properties\/obra-nueva-aq-urban-fira\/"]}]},{"@type":"ImageObject","inLanguage":"es","@id":"https:\/\/bh.estate\/es\/index.php\/properties\/obra-nueva-aq-urban-fira\/#primaryimage","url":"https:\/\/bh.estate\/wp-content\/uploads\/2025\/12\/1316553812.webp","contentUrl":"https:\/\/bh.estate\/wp-content\/uploads\/2025\/12\/1316553812.webp","width":480,"height":360},{"@type":"BreadcrumbList","@id":"https:\/\/bh.estate\/es\/index.php\/properties\/obra-nueva-aq-urban-fira\/#breadcrumb","itemListElement":[{"@type":"ListItem","position":1,"name":"Home","item":"https:\/\/bh.estate\/es\/index.php\/pagina-de-inicio\/"},{"@type":"ListItem","position":2,"name":"Propiedades","item":"https:\/\/bh.estate\/es\/index.php\/properties\/"},{"@type":"ListItem","position":3,"name":"Obra nueva Urban Fira"}]},{"@type":"WebSite","@id":"http:\/\/bh.estate\/es\/#website","url":"http:\/\/bh.estate\/es\/","name":"Blue Horizon","description":"","publisher":{"@id":"http:\/\/bh.estate\/es\/#organization"},"potentialAction":[{"@type":"SearchAction","target":{"@type":"EntryPoint","urlTemplate":"http:\/\/bh.estate\/es\/?s={search_term_string}"},"query-input":{"@type":"PropertyValueSpecification","valueRequired":true,"valueName":"search_term_string"}}],"inLanguage":"es"},{"@type":"Organization","@id":"http:\/\/bh.estate\/es\/#organization","name":"Blue Horizon","url":"http:\/\/bh.estate\/es\/","logo":{"@type":"ImageObject","inLanguage":"es","@id":"http:\/\/bh.estate\/es\/#\/schema\/logo\/image\/","url":"https:\/\/bh.estate\/wp-content\/uploads\/2024\/08\/\u0411\u0435\u043b\u044b\u0439-\u043d\u0430-\u043f\u0440\u043e\u0437\u0440\u0430\u0447\u043d\u043e\u043c-\u0444\u043e\u043d\u0435-.png","contentUrl":"https:\/\/bh.estate\/wp-content\/uploads\/2024\/08\/\u0411\u0435\u043b\u044b\u0439-\u043d\u0430-\u043f\u0440\u043e\u0437\u0440\u0430\u0447\u043d\u043e\u043c-\u0444\u043e\u043d\u0435-.png","width":3000,"height":1814,"caption":"Blue Horizon"},"image":{"@id":"http:\/\/bh.estate\/es\/#\/schema\/logo\/image\/"}}]}},"_links":{"self":[{"href":"https:\/\/bh.estate\/es\/index.php\/wp-json\/wp\/v2\/estate_property\/24172","targetHints":{"allow":["GET"]}}],"collection":[{"href":"https:\/\/bh.estate\/es\/index.php\/wp-json\/wp\/v2\/estate_property"}],"about":[{"href":"https:\/\/bh.estate\/es\/index.php\/wp-json\/wp\/v2\/types\/estate_property"}],"replies":[{"embeddable":true,"href":"https:\/\/bh.estate\/es\/index.php\/wp-json\/wp\/v2\/comments?post=24172"}],"wp:featuredmedia":[{"embeddable":true,"href":"https:\/\/bh.estate\/es\/index.php\/wp-json\/wp\/v2\/media\/24197"}],"wp:attachment":[{"href":"https:\/\/bh.estate\/es\/index.php\/wp-json\/wp\/v2\/media?parent=24172"}],"wp:term":[{"taxonomy":"property_category","embeddable":true,"href":"https:\/\/bh.estate\/es\/index.php\/wp-json\/wp\/v2\/property_category?post=24172"},{"taxonomy":"property_action_category","embeddable":true,"href":"https:\/\/bh.estate\/es\/index.php\/wp-json\/wp\/v2\/property_action_category?post=24172"},{"taxonomy":"property_city","embeddable":true,"href":"https:\/\/bh.estate\/es\/index.php\/wp-json\/wp\/v2\/property_city?post=24172"},{"taxonomy":"property_area","embeddable":true,"href":"https:\/\/bh.estate\/es\/index.php\/wp-json\/wp\/v2\/property_area?post=24172"},{"taxonomy":"property_county_state","embeddable":true,"href":"https:\/\/bh.estate\/es\/index.php\/wp-json\/wp\/v2\/property_county_state?post=24172"},{"taxonomy":"property_features","embeddable":true,"href":"https:\/\/bh.estate\/es\/index.php\/wp-json\/wp\/v2\/property_features?post=24172"},{"taxonomy":"property_status","embeddable":true,"href":"https:\/\/bh.estate\/es\/index.php\/wp-json\/wp\/v2\/property_status?post=24172"}],"curies":[{"name":"wp","href":"https:\/\/api.w.org\/{rel}","templated":true}]}}